{"id":490,"date":"2019-07-22T13:16:41","date_gmt":"2019-07-22T11:16:41","guid":{"rendered":"https:\/\/ceinsaual.com\/es\/?page_id=490"},"modified":"2019-09-12T16:18:37","modified_gmt":"2019-09-12T14:18:37","slug":"hum-628-contextos-en-el-aprendizaje-escolar-en-educacion-fisica-y-habitos-de-salud","status":"publish","type":"page","link":"https:\/\/ceinsaual.com\/es\/lineas-de-investigacion\/hum-628-contextos-en-el-aprendizaje-escolar-en-educacion-fisica-y-habitos-de-salud\/","title":{"rendered":"HUM-628: Contextos en el Aprendizaje Escolar en Educaci\u00f3n F\u00edsica y H\u00e1bitos de Salud"},"content":{"rendered":"\n<p class=\"has-medium-font-size\">El objetivo b\u00e1sico del Grupo es el intercambio de ideas,  \nplanteamientos y reflexiones sobre distintos aspectos relacionados con \nla  promoci\u00f3n del ejercicio f\u00edsico y h\u00e1bitos saludables, el cual queda \ndesarrollado  a trav\u00e9s de las siguientes l\u00edneas de investigaci\u00f3n:<\/p>\n\n\n\n<ul class=\"wp-block-list\"><li>Factores motivaciones asociadas con la adherencia al  ejercicio f\u00edsico<\/li><li>H\u00e1bitos deportivos y saludables en la poblaci\u00f3n<\/li><li>An\u00e1lisis y evaluaci\u00f3n de la actitud postural y ergonom\u00eda en  deportistas y en el \u00e1mbito laboral. <\/li><li>Evaluaci\u00f3n del entrenamiento y la condici\u00f3n f\u00edsica<\/li><li>Procesos de ense\u00f1anza-aprendizaje en educaci\u00f3n f\u00edsica<\/li><li>Imagen corporal y actividad f\u00edsica<\/li><li>Narrativa e identidades deportivas<\/li><\/ul>\n\n\n\n<p>Los resultados de las investigaciones del grupo han sido  plasmados \nen un amplio conjunto de publicaciones cient\u00edficas (art\u00edculos,  libros, \ncomunicaciones) e informes realizados para diferentes instituciones y  \nadministraciones p\u00fablicas.  Fruto de la producci\u00f3n generada el grupo de \ninvestigaci\u00f3n ha conseguido  diferentes premios de investigaci\u00f3n, \ndestacando los premios concedidos por el  Instituto Andaluz del Deporte y\n el Ilmo. Colegio Oficial de Licenciados en  Educaci\u00f3n F\u00edsica. <\/p>\n\n\n\n<p>Gran parte de la producci\u00f3n de investigaci\u00f3n del grupo ha  estado  asociado a proyectos de investigaci\u00f3n y contratos firmados con   administraciones p\u00fablicas. <\/p>\n\n\n\n<p>El objetivo b\u00e1sico del Grupo es el intercambio de ideas,  \nplanteamientos y reflexiones sobre distintos aspectos relacionados con \nla  promoci\u00f3n del ejercicio f\u00edsico y h\u00e1bitos saludables, el cual queda \ndesarrollado  a trav\u00e9s de las siguientes l\u00edneas de investigaci\u00f3n:<\/p>\n\n\n\n<ul class=\"wp-block-list\"><li>Factores motivaciones asociadas con la adherencia al  ejercicio f\u00edsico<\/li><li>H\u00e1bitos deportivos y saludables en la poblaci\u00f3n<\/li><li>An\u00e1lisis y evaluaci\u00f3n de la actitud postural y ergonom\u00eda en  deportistas y en el \u00e1mbito laboral. <\/li><li>Evaluaci\u00f3n del entrenamiento y la condici\u00f3n f\u00edsica<\/li><li>Procesos de ense\u00f1anza-aprendizaje en educaci\u00f3n f\u00edsica<\/li><li>Imagen corporal y actividad f\u00edsica<\/li><li>Narrativa e identidades deportivas<\/li><\/ul>\n\n\n\n<p>Los resultados de las investigaciones del grupo han sido  plasmados \nen un amplio conjunto de publicaciones cient\u00edficas (art\u00edculos,  libros, \ncomunicaciones) e informes realizados para diferentes instituciones y  \nadministraciones p\u00fablicas.  Fruto de la producci\u00f3n generada el grupo de \ninvestigaci\u00f3n ha conseguido  diferentes premios de investigaci\u00f3n, \ndestacando los premios concedidos por el  Instituto Andaluz del Deporte y\n el Ilmo. Colegio Oficial de Licenciados en  Educaci\u00f3n F\u00edsica. <\/p>\n\n\n\n<p>Gran parte de la producci\u00f3n de investigaci\u00f3n del grupo ha  estado \nasociado a proyectos de investigaci\u00f3n y contratos firmados con  \nadministraciones p\u00fablicas. <\/p>\n\n\n\n<h3 class=\"wp-block-heading\">L\u00edneas de Investigaci\u00f3n<\/h3>\n\n\n\n<ul class=\"wp-block-list\"><li>Actividad f\u00edsica y salud ( h\u00e1bitos, valoraci\u00f3n de la condici\u00f3n  f\u00edsica-salud,  programas de actividades, etc.). &#8211; aprendizaje escolar y  extraescolar en educaci\u00f3n f\u00edsica. tiempo y  espacios en el aprendizaje  de la     educaci\u00f3n f\u00edsica. &#8211; procesos cognitivos<\/li><li>Motivaci\u00f3n en el ejercicio y la actividad f\u00edsica<\/li><li>Posmodernidad y actividad f\u00edsica<\/li><li><\/li><\/ul>\n\n\n\n<p class=\"has-text-color has-background has-medium-font-size has-very-light-gray-color has-pale-cyan-blue-background-color\"><strong><a href=\"https:\/\/ceinsaual.com\/es\/grupos-paidi\/hum-628\/\">Miembros<\/a><\/strong><\/p>\n\n\n\n<p class=\"has-text-color has-background has-medium-font-size has-very-light-gray-color has-vivid-cyan-blue-background-color\"> M\u00e1s informaci\u00f3n:\u00a0<a href=\"http:\/\/cvirtual.ual.es\/webual\/jsp\/investigacion\/nuevo\/pInicio.jsp?id_grupo=HUM628&amp;idioma=es\" target=\"_blank\" rel=\"noreferrer noopener\" aria-label=\" (abre en una nueva pesta\u00f1a)\">cvirtual.ual.es<\/a><\/p>\n","protected":false},"excerpt":{"rendered":"<p>El objetivo b\u00e1sico del Grupo es el intercambio de ideas,   planteamientos y reflexiones sobre distintos aspectos relacionados con  la  promoci\u00f3n del ejercicio f\u00edsico y h\u00e1bitos saludables.<\/p>\n","protected":false},"author":1,"featured_media":866,"parent":710,"menu_order":4,"comment_status":"closed","ping_status":"closed","template":"","meta":{"footnotes":"","_links_to":"","_links_to_target":""},"class_list":["post-490","page","type-page","status-publish","has-post-thumbnail","hentry"],"_links":{"self":[{"href":"https:\/\/ceinsaual.com\/es\/wp-json\/wp\/v2\/pages\/490","targetHints":{"allow":["GET"]}}],"collection":[{"href":"https:\/\/ceinsaual.com\/es\/wp-json\/wp\/v2\/pages"}],"about":[{"href":"https:\/\/ceinsaual.com\/es\/wp-json\/wp\/v2\/types\/page"}],"author":[{"embeddable":true,"href":"https:\/\/ceinsaual.com\/es\/wp-json\/wp\/v2\/users\/1"}],"replies":[{"embeddable":true,"href":"https:\/\/ceinsaual.com\/es\/wp-json\/wp\/v2\/comments?post=490"}],"version-history":[{"count":3,"href":"https:\/\/ceinsaual.com\/es\/wp-json\/wp\/v2\/pages\/490\/revisions"}],"predecessor-version":[{"id":972,"href":"https:\/\/ceinsaual.com\/es\/wp-json\/wp\/v2\/pages\/490\/revisions\/972"}],"up":[{"embeddable":true,"href":"https:\/\/ceinsaual.com\/es\/wp-json\/wp\/v2\/pages\/710"}],"wp:featuredmedia":[{"embeddable":true,"href":"https:\/\/ceinsaual.com\/es\/wp-json\/wp\/v2\/media\/866"}],"wp:attachment":[{"href":"https:\/\/ceinsaual.com\/es\/wp-json\/wp\/v2\/media?parent=490"}],"curies":[{"name":"wp","href":"https:\/\/api.w.org\/{rel}","templated":true}]}}